{"id":90,"date":"2019-05-27T14:15:14","date_gmt":"2019-05-27T12:15:14","guid":{"rendered":"http:\/\/loslobos.es\/LOBOS0519\/?page_id=90"},"modified":"2020-05-05T19:11:10","modified_gmt":"2020-05-05T17:11:10","slug":"bar-los-lobos","status":"publish","type":"page","link":"https:\/\/www.loslobos.es\/casarural\/bar-los-lobos\/","title":{"rendered":"BAR LOS LOBOS"},"content":{"rendered":"\n<p>Hace ya m\u00e1s de treinta a\u00f1os comenz\u00f3 a caminar un nuevo local en el pueblo de Sauquillo de Cabezas, concretamente el d\u00eda 18 de septiembre del a\u00f1o 1976. Por aqu\u00e9l entonces era el primer d\u00eda de las Fiestas Patronales en honor a San Pedro Ap\u00f3stol.<\/p>\n\n\n\n<p>Desde entonces hasta hoy ha pasado tanto&#8230;Que buenos recuerdos, tambi\u00e9n que malos; pero siempre llevaderos.<\/p>\n\n\n\n<p>Y as\u00ed, caminando, d\u00eda tras d\u00eda, hemos llegado hasta aqu\u00ed (siempre con la intenci\u00f3n de seguir adelante); parece mentira pero hemos llegado (quien se lo iba a decir a la Carmen), y con lo de \u00abhasta aqu\u00ed\u00bb nos referimos a llegar a las \u00faltimas tecnolog\u00edas: \u00a1ESTAMOS EN INTERNET!.<\/p>\n\n\n\n<p>Este lugar ha sido testigo de muchas cosas ocurridas a lo largo de la historia del pueblo y sobre todo de sus gentes: aqu\u00ed se han celebrado bautizos, comuniones, bodas, aniversarios, despedidas de solter@ y un largo etc\u00e9tera, sin olvidar las grandes meriendas de los amigos. En fin, que siempre se ha estado a disposici\u00f3n de la buena gente.<\/p>\n\n\n\n<p>Y se lo debemos a todos, a todos los que han entrado en este bar y a todos los que siguen entrando. Gracias, muchas gracias porque lo hemos conseguido entre todos y por ello quiero recordar a toda esa gente que ve en este local un trocito de su casa. Nos encanta que os sint\u00e1is as\u00ed.<\/p>\n","protected":false},"excerpt":{"rendered":"<p>Hace ya m\u00e1s de treinta a\u00f1os comenz\u00f3 a caminar un nuevo local en el pueblo de Sauquillo de Cabezas, concretamente el d\u00eda 18 de septiembre del a\u00f1o 1976. Por aqu\u00e9l entonces era el primer d\u00eda de las Fiestas Patronales en honor a San Pedro Ap\u00f3stol. Desde entonces hasta hoy ha pasado tanto&#8230;Que buenos recuerdos, tambi\u00e9n &hellip; <\/p>\n<p class=\"link-more\"><a href=\"https:\/\/www.loslobos.es\/casarural\/bar-los-lobos\/\" class=\"more-link\">Continuar leyendo<span class=\"screen-reader-text\"> \u00abBAR LOS LOBOS\u00bb<\/span><\/a><\/p>\n","protected":false},"author":1,"featured_media":0,"parent":0,"menu_order":0,"comment_status":"closed","ping_status":"closed","template":"","meta":{"footnotes":""},"class_list":["post-90","page","type-page","status-publish","hentry"],"_links":{"self":[{"href":"https:\/\/www.loslobos.es\/casarural\/wp-json\/wp\/v2\/pages\/90","targetHints":{"allow":["GET"]}}],"collection":[{"href":"https:\/\/www.loslobos.es\/casarural\/wp-json\/wp\/v2\/pages"}],"about":[{"href":"https:\/\/www.loslobos.es\/casarural\/wp-json\/wp\/v2\/types\/page"}],"author":[{"embeddable":true,"href":"https:\/\/www.loslobos.es\/casarural\/wp-json\/wp\/v2\/users\/1"}],"replies":[{"embeddable":true,"href":"https:\/\/www.loslobos.es\/casarural\/wp-json\/wp\/v2\/comments?post=90"}],"version-history":[{"count":2,"href":"https:\/\/www.loslobos.es\/casarural\/wp-json\/wp\/v2\/pages\/90\/revisions"}],"predecessor-version":[{"id":227,"href":"https:\/\/www.loslobos.es\/casarural\/wp-json\/wp\/v2\/pages\/90\/revisions\/227"}],"wp:attachment":[{"href":"https:\/\/www.loslobos.es\/casarural\/wp-json\/wp\/v2\/media?parent=90"}],"curies":[{"name":"wp","href":"https:\/\/api.w.org\/{rel}","templated":true}]}}